{"id":4078,"date":"2017-10-17T11:46:09","date_gmt":"2017-10-17T10:46:09","guid":{"rendered":"https:\/\/www.siban.com\/?page_id=4078\/"},"modified":"2026-03-27T12:49:14","modified_gmt":"2026-03-27T11:49:14","slug":"evenements-et-congres","status":"publish","type":"page","link":"https:\/\/www.siban.com\/fr\/evenements-et-congres\/","title":{"rendered":"\u00c9v\u00e9nements et congr\u00e8s"},"content":{"rendered":"<section class=\"l-section wpb_row height_small\"><div class=\"l-section-h i-cf\"><div class=\"g-cols vc_row via_grid cols_1 laptops-cols_inherit tablets-cols_inherit mobiles-cols_1 valign_top type_default stacking_default\"><div class=\"wpb_column vc_column_container\"><div class=\"vc_column-inner\"><h2 class=\"w-text us_custom_eb849559 icon_atleft\"><span class=\"w-text-h\"><i class=\"fas fa-calendar-alt\"><\/i><span class=\"w-text-value\">Participation aux foires et congr\u00e8s internationaux<\/span><\/span><\/h2><\/div><\/div><\/div><\/div><\/section><section class=\"l-section wpb_row height_small\"><div class=\"l-section-h i-cf\"><div class=\"g-cols vc_row via_grid cols_3 laptops-cols_inherit tablets-cols_inherit mobiles-cols_1 valign_top type_default stacking_default\"><div class=\"wpb_column vc_column_container\"><div class=\"vc_column-inner\"><div class=\"w-flipbox animation_cubetilt direction_w\"><div class=\"w-flipbox-h easing_ease\" style=\"transition-duration:0.5s;\"><div class=\"w-flipbox-hh\"><div class=\"w-flipbox-front us_custom_eb849559\" style=\"background:var(--color-header-middle-bg);color:var(--color-header-middle-text-hover);\"><div class=\"w-flipbox-front-h\"><div class=\"w-flipbox-front-icon type_image\" style=\"width:15rem;\"><img loading=\"lazy\" decoding=\"async\" width=\"225\" height=\"225\" src=\"https:\/\/www.siban.com\/wp-content\/uploads\/2026\/03\/Expomina-web.png\" class=\"attachment-medium size-medium\" alt=\"\" srcset=\"https:\/\/www.siban.com\/wp-content\/uploads\/2026\/03\/Expomina-web.png 225w, https:\/\/www.siban.com\/wp-content\/uploads\/2026\/03\/Expomina-web-150x150.png 150w\" sizes=\"auto, (max-width: 225px) 100vw, 225px\" \/><\/div><h2 class=\"w-flipbox-front-title\">EXPOMINA 2026<\/h2><div class=\"w-flipbox-front-desc\"><p>09\/09\/26 - 11\/09\/26<br \/>\nCentro de exposiciones Jockey<br \/>\nLima, Per\u00fa. <\/p>\n<\/div><\/div><\/div><div class=\"w-flipbox-back us_custom_eb849559\" style=\"display:none;background:var(--color-header-middle-bg);\"><div class=\"w-flipbox-back-h\"><div class=\"w-flipbox-back-desc\"><p>Du 9 au 11 septembre 2026, SIBAN participera \u00e0 EXPOMINA, le plus grand salon minier du P\u00e9rou. Il s'agit d'un \u00e9v\u00e9nement essentiel pour le partage des connaissances, l'\u00e9change d'exp\u00e9riences et la pr\u00e9sentation de technologies visant \u00e0 promouvoir l'innovation et \u00e0 am\u00e9liorer la productivit\u00e9 dans les processus miniers.<\/p>\n<p>L'Am\u00e9rique latine est un march\u00e9 strat\u00e9gique pour SIBAN, o\u00f9 nous continuons \u00e0 renforcer notre pr\u00e9sence et \u00e0 cr\u00e9er de nouvelles opportunit\u00e9s. Lors du salon, nous pr\u00e9senterons nos derni\u00e8res nouveaut\u00e9s et notre \u00e9quipe commerciale se tiendra \u00e0 votre enti\u00e8re disposition avec plaisir.<\/p>\n<\/div><a target=\"_blank\" rel=\"nofollow\" href=\"https:\/\/expominaperu.com\/\" class=\"w-btn us-btn-style_1\"><span class=\"w-btn-label\">Page de l&rsquo;\u00e9v\u00e9nement<\/span><\/a><\/div><\/div><\/div><\/div><\/div><\/div><\/div><div class=\"wpb_column vc_column_container\"><div class=\"vc_column-inner\"><div class=\"w-flipbox animation_cubetilt direction_w\"><div class=\"w-flipbox-h easing_ease\" style=\"transition-duration:0.5s;\"><div class=\"w-flipbox-hh\"><div class=\"w-flipbox-front us_custom_eb849559\" style=\"background:var(--color-header-middle-bg);color:var(--color-header-middle-text-hover);\"><div class=\"w-flipbox-front-h\"><div class=\"w-flipbox-front-icon type_image\" style=\"width:15rem;\"><img loading=\"lazy\" decoding=\"async\" width=\"350\" height=\"480\" src=\"https:\/\/www.siban.com\/wp-content\/uploads\/2026\/03\/Logo-SIM-350x480.jpg\" class=\"attachment-medium size-medium\" alt=\"\" srcset=\"https:\/\/www.siban.com\/wp-content\/uploads\/2026\/03\/Logo-SIM-350x480.jpg 350w, https:\/\/www.siban.com\/wp-content\/uploads\/2026\/03\/Logo-SIM-480x657.jpg 480w, https:\/\/www.siban.com\/wp-content\/uploads\/2026\/03\/Logo-SIM-510x699.jpg 510w, https:\/\/www.siban.com\/wp-content\/uploads\/2026\/03\/Logo-SIM.jpg 514w\" sizes=\"auto, (max-width: 350px) 100vw, 350px\" \/><\/div><h4 class=\"w-flipbox-front-title\">SIM 2026<\/h4><div class=\"w-flipbox-front-desc\"><p>07\/10\/26 - 09\/10\/26<br \/>\nParc des Expositions, Le Capitole.<br \/>\nCh\u00e2lons-en-champagne, France.<\/p>\n<\/div><\/div><\/div><div class=\"w-flipbox-back us_custom_eb849559\" style=\"display:none;background:var(--color-header-middle-bg);\"><div class=\"w-flipbox-back-h\"><div class=\"w-flipbox-back-desc\"><p>Nous participerons \u00e0 la<br \/>\n75e \u00e9dition du Congr\u00e8s de l'industrie Mini\u00e8re.<br \/>\nNotre \u00e9quipe commerciale sera ravie de vous y accueillir et de r\u00e9pondre \u00e0 toutes vos questions.<\/p>\n<\/div><a target=\"_blank\" rel=\"nofollow\" href=\"https:\/\/www.expositionsim.com\/\" class=\"w-btn us-btn-style_1\"><span class=\"w-btn-label\">Page de l&rsquo;\u00e9v\u00e9nement<\/span><\/a><\/div><\/div><\/div><\/div><\/div><\/div><\/div><div class=\"wpb_column vc_column_container\"><div class=\"vc_column-inner\"><div class=\"w-separator size_medium\"><\/div><div class=\"w-flipbox animation_cubetilt direction_w\"><div class=\"w-flipbox-h easing_ease\" style=\"transition-duration:0.5s;\"><div class=\"w-flipbox-hh\"><div class=\"w-flipbox-front us_custom_eb849559\" style=\"background:var(--color-header-middle-bg);color:var(--color-header-middle-text-hover);\"><div class=\"w-flipbox-front-h\"><div class=\"w-flipbox-front-icon type_image\" style=\"width:15rem;\"><img loading=\"lazy\" decoding=\"async\" width=\"480\" height=\"141\" src=\"https:\/\/www.siban.com\/wp-content\/uploads\/2024\/04\/924aa6934d16-bauma-logo-480x141.png\" class=\"attachment-medium size-medium\" alt=\"\" srcset=\"https:\/\/www.siban.com\/wp-content\/uploads\/2024\/04\/924aa6934d16-bauma-logo-480x141.png 480w, https:\/\/www.siban.com\/wp-content\/uploads\/2024\/04\/924aa6934d16-bauma-logo-510x150.png 510w, https:\/\/www.siban.com\/wp-content\/uploads\/2024\/04\/924aa6934d16-bauma-logo.png 1200w\" sizes=\"auto, (max-width: 480px) 100vw, 480px\" \/><\/div><h2 class=\"w-flipbox-front-title\">BAUMA 2028<\/h2><div class=\"w-flipbox-front-desc\"><p>03\/04\/28 - 09\/04\/28<br \/>\nMunich, Allemagne<\/p>\n<\/div><\/div><\/div><div class=\"w-flipbox-back us_custom_eb849559\" style=\"display:none;background:var(--color-header-middle-bg);\"><div class=\"w-flipbox-back-h\"><div class=\"w-flipbox-back-desc\"><p>Nous participerons \u00e0 la 35e \u00e9dition du salon Bauma, la huiti\u00e8me cons\u00e9cutive pour notre entreprise. Nous serons pr\u00e9sents \u00e0 ce salon, leader mondial dans le domaine des \u00e9quipements de construction, des machineries pour mat\u00e9riaux de construction, des \u00e9quipements miniers, des v\u00e9hicules de chantier et des technologies de construction.<\/p>\n<p>En attendant la date de l'\u00e9v\u00e9nement, notre \u00e9quipe commerciale sera ravie de vous accueillir et de r\u00e9pondre \u00e0 toutes vos questions.<\/p>\n<\/div><a target=\"_blank\" rel=\"nofollow\" href=\"https:\/\/bauma.de\/en\/trade-fair\/\" class=\"w-btn us-btn-style_1\"><span class=\"w-btn-label\">Page de l&rsquo;\u00e9v\u00e9nement<\/span><\/a><\/div><\/div><\/div><\/div><\/div><\/div><\/div><\/div><\/div><\/section>\n","protected":false},"excerpt":{"rendered":"Participation aux foires et congr\u00e8s internationauxEXPOMINA 202609\/09\/26 - 11\/09\/26 Centro de exposiciones Jockey Lima, Per\u00fa. Du 9 au 11 septembre 2026, SIBAN participera \u00e0 EXPOMINA, le plus grand salon minier du P\u00e9rou. Il s'agit d'un \u00e9v\u00e9nement essentiel pour le partage des connaissances, l'\u00e9change d'exp\u00e9riences et la pr\u00e9sentation de technologies visant \u00e0 promouvoir l'innovation et \u00e0...","protected":false},"author":2,"featured_media":0,"parent":0,"menu_order":0,"comment_status":"closed","ping_status":"closed","template":"","meta":{"footnotes":""},"class_list":["post-4078","page","type-page","status-publish","hentry"],"yoast_head":"<!-- This site is optimized with the Yoast SEO plugin v27.5 - https:\/\/yoast.com\/product\/yoast-seo-wordpress\/ -->\n<title>\u00c9v\u00e9nements et congr\u00e8s - Siban<\/title>\n<meta name=\"robots\" content=\"index, follow, max-snippet:-1, max-image-preview:large, max-video-preview:-1\" \/>\n<link rel=\"canonical\" href=\"https:\/\/www.siban.com\/fr\/evenements-et-congres\/\" \/>\n<meta property=\"og:locale\" content=\"fr_FR\" \/>\n<meta property=\"og:type\" content=\"article\" \/>\n<meta property=\"og:title\" content=\"\u00c9v\u00e9nements et congr\u00e8s - Siban\" \/>\n<meta property=\"og:url\" content=\"https:\/\/www.siban.com\/fr\/evenements-et-congres\/\" \/>\n<meta property=\"og:site_name\" content=\"Siban\" \/>\n<meta property=\"article:modified_time\" content=\"2026-03-27T11:49:14+00:00\" \/>\n<meta name=\"twitter:card\" content=\"summary_large_image\" \/>\n<meta name=\"twitter:label1\" content=\"Dur\u00e9e de lecture estim\u00e9e\" \/>\n\t<meta name=\"twitter:data1\" content=\"2 minutes\" \/>\n<script type=\"application\/ld+json\" class=\"yoast-schema-graph\">{\"@context\":\"https:\\\/\\\/schema.org\",\"@graph\":[{\"@type\":\"WebPage\",\"@id\":\"https:\\\/\\\/www.siban.com\\\/fr\\\/evenements-et-congres\\\/\",\"url\":\"https:\\\/\\\/www.siban.com\\\/fr\\\/evenements-et-congres\\\/\",\"name\":\"\u00c9v\u00e9nements et congr\u00e8s - Siban\",\"isPartOf\":{\"@id\":\"http:\\\/\\\/dev.siban.com\\\/#website\"},\"datePublished\":\"2017-10-17T10:46:09+00:00\",\"dateModified\":\"2026-03-27T11:49:14+00:00\",\"breadcrumb\":{\"@id\":\"https:\\\/\\\/www.siban.com\\\/fr\\\/evenements-et-congres\\\/#breadcrumb\"},\"inLanguage\":\"fr-FR\",\"potentialAction\":[{\"@type\":\"ReadAction\",\"target\":[\"https:\\\/\\\/www.siban.com\\\/fr\\\/evenements-et-congres\\\/\"]}]},{\"@type\":\"BreadcrumbList\",\"@id\":\"https:\\\/\\\/www.siban.com\\\/fr\\\/evenements-et-congres\\\/#breadcrumb\",\"itemListElement\":[{\"@type\":\"ListItem\",\"position\":1,\"name\":\"Inicio\",\"item\":\"https:\\\/\\\/www.siban.com\\\/\"},{\"@type\":\"ListItem\",\"position\":2,\"name\":\"\u00c9v\u00e9nements et congr\u00e8s\"}]},{\"@type\":\"WebSite\",\"@id\":\"http:\\\/\\\/dev.siban.com\\\/#website\",\"url\":\"http:\\\/\\\/dev.siban.com\\\/\",\"name\":\"Siban\",\"description\":\"Bandas transportadoras\",\"publisher\":{\"@id\":\"http:\\\/\\\/dev.siban.com\\\/#organization\"},\"potentialAction\":[{\"@type\":\"SearchAction\",\"target\":{\"@type\":\"EntryPoint\",\"urlTemplate\":\"http:\\\/\\\/dev.siban.com\\\/?s={search_term_string}\"},\"query-input\":{\"@type\":\"PropertyValueSpecification\",\"valueRequired\":true,\"valueName\":\"search_term_string\"}}],\"inLanguage\":\"fr-FR\"},{\"@type\":\"Organization\",\"@id\":\"http:\\\/\\\/dev.siban.com\\\/#organization\",\"name\":\"Siban\",\"url\":\"http:\\\/\\\/dev.siban.com\\\/\",\"logo\":{\"@type\":\"ImageObject\",\"inLanguage\":\"fr-FR\",\"@id\":\"http:\\\/\\\/dev.siban.com\\\/#\\\/schema\\\/logo\\\/image\\\/\",\"url\":\"https:\\\/\\\/www.siban.com\\\/wp-content\\\/uploads\\\/2024\\\/07\\\/Siban-Beltsiflex-PNG.png\",\"contentUrl\":\"https:\\\/\\\/www.siban.com\\\/wp-content\\\/uploads\\\/2024\\\/07\\\/Siban-Beltsiflex-PNG.png\",\"width\":3133,\"height\":1633,\"caption\":\"Siban\"},\"image\":{\"@id\":\"http:\\\/\\\/dev.siban.com\\\/#\\\/schema\\\/logo\\\/image\\\/\"}}]}<\/script>\n<!-- \/ Yoast SEO plugin. -->","yoast_head_json":{"title":"\u00c9v\u00e9nements et congr\u00e8s - Siban","robots":{"index":"index","follow":"follow","max-snippet":"max-snippet:-1","max-image-preview":"max-image-preview:large","max-video-preview":"max-video-preview:-1"},"canonical":"https:\/\/www.siban.com\/fr\/evenements-et-congres\/","og_locale":"fr_FR","og_type":"article","og_title":"\u00c9v\u00e9nements et congr\u00e8s - Siban","og_url":"https:\/\/www.siban.com\/fr\/evenements-et-congres\/","og_site_name":"Siban","article_modified_time":"2026-03-27T11:49:14+00:00","twitter_card":"summary_large_image","twitter_misc":{"Dur\u00e9e de lecture estim\u00e9e":"2 minutes"},"schema":{"@context":"https:\/\/schema.org","@graph":[{"@type":"WebPage","@id":"https:\/\/www.siban.com\/fr\/evenements-et-congres\/","url":"https:\/\/www.siban.com\/fr\/evenements-et-congres\/","name":"\u00c9v\u00e9nements et congr\u00e8s - Siban","isPartOf":{"@id":"http:\/\/dev.siban.com\/#website"},"datePublished":"2017-10-17T10:46:09+00:00","dateModified":"2026-03-27T11:49:14+00:00","breadcrumb":{"@id":"https:\/\/www.siban.com\/fr\/evenements-et-congres\/#breadcrumb"},"inLanguage":"fr-FR","potentialAction":[{"@type":"ReadAction","target":["https:\/\/www.siban.com\/fr\/evenements-et-congres\/"]}]},{"@type":"BreadcrumbList","@id":"https:\/\/www.siban.com\/fr\/evenements-et-congres\/#breadcrumb","itemListElement":[{"@type":"ListItem","position":1,"name":"Inicio","item":"https:\/\/www.siban.com\/"},{"@type":"ListItem","position":2,"name":"\u00c9v\u00e9nements et congr\u00e8s"}]},{"@type":"WebSite","@id":"http:\/\/dev.siban.com\/#website","url":"http:\/\/dev.siban.com\/","name":"Siban","description":"Bandas transportadoras","publisher":{"@id":"http:\/\/dev.siban.com\/#organization"},"potentialAction":[{"@type":"SearchAction","target":{"@type":"EntryPoint","urlTemplate":"http:\/\/dev.siban.com\/?s={search_term_string}"},"query-input":{"@type":"PropertyValueSpecification","valueRequired":true,"valueName":"search_term_string"}}],"inLanguage":"fr-FR"},{"@type":"Organization","@id":"http:\/\/dev.siban.com\/#organization","name":"Siban","url":"http:\/\/dev.siban.com\/","logo":{"@type":"ImageObject","inLanguage":"fr-FR","@id":"http:\/\/dev.siban.com\/#\/schema\/logo\/image\/","url":"https:\/\/www.siban.com\/wp-content\/uploads\/2024\/07\/Siban-Beltsiflex-PNG.png","contentUrl":"https:\/\/www.siban.com\/wp-content\/uploads\/2024\/07\/Siban-Beltsiflex-PNG.png","width":3133,"height":1633,"caption":"Siban"},"image":{"@id":"http:\/\/dev.siban.com\/#\/schema\/logo\/image\/"}}]}},"_links":{"self":[{"href":"https:\/\/www.siban.com\/fr\/wp-json\/wp\/v2\/pages\/4078","targetHints":{"allow":["GET"]}}],"collection":[{"href":"https:\/\/www.siban.com\/fr\/wp-json\/wp\/v2\/pages"}],"about":[{"href":"https:\/\/www.siban.com\/fr\/wp-json\/wp\/v2\/types\/page"}],"author":[{"embeddable":true,"href":"https:\/\/www.siban.com\/fr\/wp-json\/wp\/v2\/users\/2"}],"replies":[{"embeddable":true,"href":"https:\/\/www.siban.com\/fr\/wp-json\/wp\/v2\/comments?post=4078"}],"version-history":[{"count":59,"href":"https:\/\/www.siban.com\/fr\/wp-json\/wp\/v2\/pages\/4078\/revisions"}],"predecessor-version":[{"id":138627,"href":"https:\/\/www.siban.com\/fr\/wp-json\/wp\/v2\/pages\/4078\/revisions\/138627"}],"wp:attachment":[{"href":"https:\/\/www.siban.com\/fr\/wp-json\/wp\/v2\/media?parent=4078"}],"curies":[{"name":"wp","href":"https:\/\/api.w.org\/{rel}","templated":true}]}}